{"id":9056,"date":"2026-01-21T10:35:51","date_gmt":"2026-01-21T09:35:51","guid":{"rendered":"https:\/\/idea-i-do.be\/?page_id=9056"},"modified":"2026-01-21T19:15:06","modified_gmt":"2026-01-21T18:15:06","slug":"a-propos","status":"publish","type":"page","link":"https:\/\/idea-i-do.be\/index.php\/a-propos\/","title":{"rendered":"<A propos>"},"content":{"rendered":"\n<h1 class=\"wp-block-heading has-medium-font-size\"><strong><span style=\"color: #007793;\">Idea I do<\/span> apporte un regard et veille \u00e0 une coh\u00e9rence et une exigence dans la conception et la production de vos supports visuels.<\/strong><\/h1>\n\n\n\n<p><span style=\"color: #004652;\"><strong>IDEA:<\/strong><br>c\u2019est \u00a0l\u2019<\/span><span style=\"color: #007793;\"><strong>aspect cr\u00e9atif<\/strong><\/span>, strat\u00e9gique, l\u2019<span style=\"color: #007793;\"><strong>apport d\u2019une id\u00e9e<\/strong><\/span><span style=\"color: #004652;\">, d\u2019un concept \u00e0 traduire en image(s) ou bien l\u2019adaptation<\/span> <span style=\"color: #007793;\"><strong>graphique<\/strong><\/span> <span style=\"color: #004652;\">qui r\u00e9pond au mieux \u00e0 votre envie de d\u00e9part. Tout en veillant \u00e0 pr\u00e9server une coh\u00e9rence et pertinence dans votre communication globale. Qu&rsquo;il s&rsquo;agisse de la conception de logo, de choix coh\u00e9rents de photos et\/ou illustrations \u00e0 marier avec un texte pr\u00e9cis,&#8230; <strong>Tout se pense!<br><\/strong>Ici, une \u00ab\u00a0t\u00eate\u00a0\u00bb pense depuis 26 ans. On ne peut pas dire que c&rsquo;est inn\u00e9 \ud83d\ude09 mais&#8230; \u00e7a semble instinctif!\u00a0<strong><br><\/strong><\/span><\/p>\n\n\n\n<p><span style=\"color: #004652;\"><strong>I DO:<\/strong><br>c&rsquo;est l\u2019<\/span><span style=\"color: #007793;\"><strong>aspect production<\/strong><\/span><span style=\"color: #004652;\">donc l\u2019<\/span><span style=\"color: #007793;\"><strong>impression ou la fabrication<\/strong><\/span> <span style=\"color: #004652;\">du visuel r\u00e9alis\u00e9. Papier, textile, carton, vinyle, m\u00e9tal, verre et autres supports &#8230; <strong>Tout se personnalise!<\/strong><br>Bien s\u00fbr, il n&rsquo;y a pas que l&rsquo;impression, certaines cr\u00e9ations n\u00e9cessitent diverses techniques sp\u00e9cifiques (gravure, broderie, etc) selon le projet et sur mesure si n\u00e9cessaire.<\/span><\/p>\n\n\n\n<p><span style=\"color: #004652;\">IID a d\u00e9velopp\u00e9 depuis 15 ans, un large panel d\u2019imprimeurs et fournisseurs, minutieusement choisis afin d\u2019exploiter au maximum leurs sp\u00e9cificit\u00e9s propres, en tenant compte de leurs d\u00e9lais et prix du moment. Cette vue d\u2019ensemble, en \u00abterrain connu\u00bb, vous \u00e9vite de longs et p\u00e9rilleux comparatifs et recherches.<\/span><\/p>\n\n\n\n<p><span style=\"color: #004652;\">IID c\u2019est \u00e9galement une<\/span> <span style=\"color: #007793;\"><strong>micro imprimerie<\/strong><\/span> <span style=\"color: #004652;\">en interne, actuellement d\u00e9di\u00e9e aux produits \u00abpremium\u00bb et \u00e9cologiques, en s\u00e9rigraphie.<\/span> Un plus qui permet \u00e9galement de r\u00e9pondre aux demandes de tirages limit\u00e9s. (Maquettage, tirages d&rsquo;artistes,&#8230;)<br><br>Depuis nos ateliers situ\u00e9s en Province de Namur, nous intervenons dans toute la Belgique et r\u00e9alisons avec plaisir les missions \u00e0 l&rsquo;international.<span style=\"color: #004652;\"><br><\/span><\/p>\n","protected":false},"excerpt":{"rendered":"<p>Idea I do apporte un regard et veille \u00e0 une coh\u00e9rence et une exigence dans la conception et la production de vos supports visuels. IDEA:c\u2019est \u00a0l\u2019aspect cr\u00e9atif, strat\u00e9gique, l\u2019apport d\u2019une id\u00e9e, d\u2019un concept \u00e0 traduire en image(s) ou bien l\u2019adaptation graphique qui r\u00e9pond au mieux \u00e0 votre envie de d\u00e9part. Tout en veillant \u00e0 pr\u00e9server &hellip; <\/p>\n<p class=\"link-more\"><a href=\"https:\/\/idea-i-do.be\/index.php\/a-propos\/\" class=\"more-link\">Continuer la lecture<span class=\"screen-reader-text\"> de &laquo;&nbsp;<A propos>&nbsp;&raquo;<\/span><\/a><\/p>\n","protected":false},"author":1,"featured_media":354,"parent":0,"menu_order":0,"comment_status":"closed","ping_status":"closed","template":"","meta":{"_monsterinsights_skip_tracking":false,"_monsterinsights_sitenote_active":false,"_monsterinsights_sitenote_note":"","_monsterinsights_sitenote_category":0,"footnotes":""},"class_list":["post-9056","page","type-page","status-publish","has-post-thumbnail","hentry"],"jetpack_sharing_enabled":true,"jetpack_shortlink":"https:\/\/wp.me\/P9OY7q-2m4","jetpack-related-posts":[{"id":28,"url":"https:\/\/idea-i-do.be\/","url_meta":{"origin":9056,"position":0},"title":"IID est un studio de\u2026","author":"Melanie Splaingaire","date":"10 ao\u00fbt 2017","format":false,"excerpt":"IID est un studio de conseil, de conception et de production de supports visuels. O\u00f9 que vous soyez en ce moment pr\u00e9cis, posez quelques instants le regard sur ce qui vous entoure...Nous sommes sans cesse entour\u00e9s d'images. Qu'il s'agisse de publicit\u00e9, d'images g\u00e9n\u00e9r\u00e9es, de d\u00e9coration, de cr\u00e9ations artistiques, d'objets personnalis\u00e9s...\u2026","rel":"","context":"Article similaire","block_context":{"text":"Article similaire","link":""},"img":{"alt_text":"","src":"","width":0,"height":0},"classes":[]},{"id":219,"url":"https:\/\/idea-i-do.be\/index.php\/accueil-2\/","url_meta":{"origin":9056,"position":1},"title":"","author":"Melanie Splaingaire","date":"11 janvier 2018","format":false,"excerpt":"IID est un studio de conseil, de conception et de production de supports visuels, \u00e0 destination des entrepreneurs et PME. O\u00f9 que vous soyez en ce moment pr\u00e9cis, posez quelques instants le regard sur ce qui vous entoure...Nous sommes sans cesse entour\u00e9s d'images. Qu'il s'agisse de publicit\u00e9, d'images g\u00e9n\u00e9r\u00e9es, de\u2026","rel":"","context":"Article similaire","block_context":{"text":"Article similaire","link":""},"img":{"alt_text":"","src":"","width":0,"height":0},"classes":[]},{"id":9064,"url":"https:\/\/idea-i-do.be\/index.php\/services\/","url_meta":{"origin":9056,"position":2},"title":"","author":"Melanie Splaingaire","date":"21 janvier 2026","format":false,"excerpt":"De grandes id\u00e9es parfaitement r\u00e9alis\u00e9es! Lancer ou d\u00e9velopper son entreprise, c\u2019est se confronter \u00e0 un monde visuel complexe. Chez IID, nous accompagnons entrepreneur\u00b7e\u00b7s et PME \u00e0 chaque \u00e9tape\u202f: de la d\u00e9finition de votre identit\u00e9 et du choix de votre nom \u00e0 la conception et production de vos supports. Vous pouvez\u2026","rel":"","context":"Article similaire","block_context":{"text":"Article similaire","link":""},"img":{"alt_text":"","src":"","width":0,"height":0},"classes":[]},{"id":149,"url":"https:\/\/idea-i-do.be\/index.php\/service-aux-independants\/","url_meta":{"origin":9056,"position":3},"title":"Service aux entrepreneurs","author":"Melanie Splaingaire","date":"31 ao\u00fbt 2017","format":false,"excerpt":"Vous vous installez et avez besoin d\u2019un logo pro et efficace? Vous souhaitez relooker votre image? Vous \u00eates bient\u00f4t \u00e0 court de cartes de visite? Vous aimeriez un panneau ou tout autre support mettant davantage en avant votre activit\u00e9? Un flyer pour annoncer votre prochain \u00e9v\u00e8nement ou plut\u00f4t une invitation\u2026","rel":"","context":"Article similaire","block_context":{"text":"Article similaire","link":""},"img":{"alt_text":"","src":"","width":0,"height":0},"classes":[]},{"id":9114,"url":"https:\/\/idea-i-do.be\/index.php\/realisations\/","url_meta":{"origin":9056,"position":4},"title":"R\u00e9alisations","author":"Melanie Splaingaire","date":"21 janvier 2026","format":false,"excerpt":"Voici une s\u00e9lection de projets r\u00e9alis\u00e9s par IID, allant de la conception graphique \u00e0 la production sur supports vari\u00e9s.","rel":"","context":"Article similaire","block_context":{"text":"Article similaire","link":""},"img":{"alt_text":"Etiquette de vin","src":"https:\/\/i0.wp.com\/idea-i-do.be\/wp-content\/uploads\/2026\/01\/etiquette_de_vin_vigneron_francais.jpg?resize=350%2C200&ssl=1","width":350,"height":200},"classes":[]},{"id":141,"url":"https:\/\/idea-i-do.be\/index.php\/service-aux-particuliers-2\/","url_meta":{"origin":9056,"position":5},"title":"Service aux particuliers","author":"Melanie Splaingaire","date":"31 ao\u00fbt 2017","format":false,"excerpt":"Vous vous mariez ou souhaitez faire part de la naissance de votre petit dernier? Vous avez besoin de t-shirts imprim\u00e9s pour un enterrement de vie de jeune fille\/gar\u00e7on? ... Un mug, un sac, des bics, des badges ou tout autre objet personnalis\u00e9?","rel":"","context":"Article similaire","block_context":{"text":"Article similaire","link":""},"img":{"alt_text":"","src":"","width":0,"height":0},"classes":[]}],"jetpack_likes_enabled":true,"_links":{"self":[{"href":"https:\/\/idea-i-do.be\/index.php\/wp-json\/wp\/v2\/pages\/9056","targetHints":{"allow":["GET"]}}],"collection":[{"href":"https:\/\/idea-i-do.be\/index.php\/wp-json\/wp\/v2\/pages"}],"about":[{"href":"https:\/\/idea-i-do.be\/index.php\/wp-json\/wp\/v2\/types\/page"}],"author":[{"embeddable":true,"href":"https:\/\/idea-i-do.be\/index.php\/wp-json\/wp\/v2\/users\/1"}],"replies":[{"embeddable":true,"href":"https:\/\/idea-i-do.be\/index.php\/wp-json\/wp\/v2\/comments?post=9056"}],"version-history":[{"count":12,"href":"https:\/\/idea-i-do.be\/index.php\/wp-json\/wp\/v2\/pages\/9056\/revisions"}],"predecessor-version":[{"id":9161,"href":"https:\/\/idea-i-do.be\/index.php\/wp-json\/wp\/v2\/pages\/9056\/revisions\/9161"}],"wp:featuredmedia":[{"embeddable":true,"href":"https:\/\/idea-i-do.be\/index.php\/wp-json\/wp\/v2\/media\/354"}],"wp:attachment":[{"href":"https:\/\/idea-i-do.be\/index.php\/wp-json\/wp\/v2\/media?parent=9056"}],"curies":[{"name":"wp","href":"https:\/\/api.w.org\/{rel}","templated":true}]}}